{"id":401,"date":"2013-05-29T10:21:00","date_gmt":"2013-05-29T09:21:00","guid":{"rendered":"http:\/\/www.theb4.fr\/vivre-livres\/?page_id=401"},"modified":"2020-03-06T16:13:09","modified_gmt":"2020-03-06T14:13:09","slug":"mentions-legales","status":"publish","type":"page","link":"https:\/\/www.theb4.fr\/vivre-livres\/mentions-legales\/","title":{"rendered":"Mentions l\u00e9gales"},"content":{"rendered":"<h1><span style=\"text-decoration: underline;\"><strong>MENTIONS L\u00c9GALES<\/strong><\/span><\/h1>\n<p>&nbsp;<\/p>\n<p><span style=\"color: #0000ff;\">(<span style=\"text-decoration: underline;\"><strong>Nota<\/strong><\/span> : les r\u00e8gles de confidentialit\u00e9 sont mentionn\u00e9es \u00e0 la fin de cette page.)<\/span><\/p>\n<p>&nbsp;<\/p>\n<p>Le site <span style=\"color: #800000;\"><em><strong>Vivre Livres !<\/strong> <\/em><\/span>a \u00e9t\u00e9 cr\u00e9e et mis en ligne le :\u00a0<span style=\"color: #800000;\"><strong><em>17 mars 2013 <\/em><\/strong><\/span><\/p>\n<p>Il appartient \u00e0<span style=\"color: #800000;\"><strong><em> Serge Baccino<\/em><\/strong><\/span>, qui en est l&rsquo;auteur ainsi que le directeur de publication.<\/p>\n<p>&nbsp;<\/p>\n<p><img loading=\"lazy\" decoding=\"async\" style=\"vertical-align: middle;\" src=\"http:\/\/www.theb4.fr\/vivre-livres\/CNIL-01.png\" alt=\"D\u00e9claration CNIL-01\" width=\"527\" height=\"292\" \/><\/p>\n<p><img loading=\"lazy\" decoding=\"async\" style=\"vertical-align: middle;\" src=\"http:\/\/www.theb4.fr\/vivre-livres\/CNIL-02.png\" alt=\"D\u00e9claration CNIL-02\" width=\"723\" height=\"225\" \/><\/p>\n<p>&nbsp;<\/p>\n<h2><span style=\"text-decoration: underline;\">Adresse du responsable de site<\/span> :<\/h2>\n<address>Lieu dit \u00ab\u00a0La croix d&rsquo;Alix\u00a0\u00bb24620 Marquay<\/address>\n<address>N\u00b0 de Tel : <span style=\"text-decoration: underline; color: #ff00ff;\"><em>Sur demande seulement et si justifi\u00e9<\/em> <\/span><\/address>\n<address>(Raisons l\u00e9gales ou commerciales)<\/address>\n<address>\u00a0<strong><a href=\"mailto:serge.baccino@icloud.com\" target=\"_blank\" rel=\"noopener noreferrer\">e-mail<\/a> :<\/strong> <a href=\"mailto:serge.baccino@icloud.com\">serge.baccino@icloud.com<\/a><\/address>\n<address>\u00a0<\/address>\n<h2><strong><span style=\"text-decoration: underline;\">Concernant les textes qui figurent sur ce site<\/span> :<\/strong><\/h2>\n<p>Tous les textes, sauf mention expresse situ\u00e9e en fin de page, appartiennent \u00e0 <strong><em>Serge Baccino<\/em><\/strong> et\/ou (selon le cas) sont sous <strong><em>\u00ab\u00a0cr\u00e9ative commons\u00a0\u00bb.<\/em> <\/strong><\/p>\n<p><span style=\"color: #0000ff;\"><strong><em>\u00a0<\/em><\/strong><\/span><\/p>\n<p><span style=\"color: #800080;\"><em>Toute autre utilisation n\u00e9cessite <strong>un accord pr\u00e9alable formel<\/strong> (mail ou r\u00e9ponse \u00e0 commentaires),\u00a0 pri\u00e8re de contacter le Directeur de Publication de ce Blog, <strong>Serge Baccino<\/strong>.<\/em><\/span><\/p>\n<p><span style=\"text-decoration: underline;\"><strong>Nota<\/strong><\/span> : Il est permis de placer un ou plusieurs des textes de ce blog sur n&rsquo;importe qu&rsquo;elle autre plateforme (Site, blog, forum, Facebook, etc.), ceci <em><span style=\"text-decoration: underline;\">\u00e0 la condition expresse<\/span><\/em> que demeurent le nom de l&rsquo;auteur (<span style=\"color: #0000ff;\"><em>Serge Baccino<\/em><\/span>) ainsi que le lien en direction du pr\u00e9sent blog (<span style=\"color: #ff00ff;\"><em>\u00ab\u00a0Vivre Livres !\u00a0\u00bb<\/em><\/span>)<\/p>\n<h2><strong><span style=\"text-decoration: underline;\">Concernant les photos qui figurent sur ce site<\/span> :<\/strong><\/h2>\n<p>Toutes les photos qui se trouvent sur ce blog, sauf mention expresse, ont \u00e9t\u00e9 trouv\u00e9es et r\u00e9cup\u00e9r\u00e9es sur le web ou sur Facebook, et sont r\u00e9put\u00e9es \u00eatre <strong><em>gratuites et libres de droits.<\/em><\/strong> Mais le Web est ainsi fait qu&rsquo;il n&rsquo;est pas possible de tout v\u00e9rifier \u00e0 chaque fois. Ainsi, si ce n&rsquo;est pas le cas et si l&rsquo;une quelconque des images ou photos pr\u00e9sentes sur ce blog viole l&rsquo;un quelconque des droits \u00e0 la propri\u00e9t\u00e9 intellectuelle, cette image ou cette photo sera retir\u00e9e le jour m\u00eame et sur simple demande (mail ou autre.)<\/p>\n<p>Certaines photos et images reproduisant des tableaux (peintures) font partie de la collection priv\u00e9e de Madame <strong><em>L\u00e6titia Beretti<\/em><\/strong> et font donc l&rsquo;objet d&rsquo;un d\u00e9p\u00f4t de copyright (\u00a9 Copyright France). Les dites photos poss\u00e8dent d&rsquo;ailleurs une marque qui ne laisse aucun doute sur la propri\u00e9t\u00e9 (signature.) Certaines de ces photos sont (ou seront) vendues, par le biais d&rsquo;internet et d&rsquo;un Blog consacr\u00e9 \u00e0 la photographie et \u00e0 la vente de photos \u00e0 bas prix et accessibles \u00e0 tous (info suppl\u00e9mentaires sur simple demande.)<\/p>\n<h2><strong><span style=\"text-decoration: underline;\">Au sujet de mes livres vendus sur <em>Amazon<\/em><\/span><br \/>\n<\/strong><\/h2>\n<p>Je fais \u00e9diter mes ouvrages (essais et romans) sur le site <a href=\"https:\/\/www.amazon.fr\/Serge-Baccino\/e\/B00C0O8CL8\"><em><strong>Amazon<\/strong><\/em><\/a> (fr) et ce, au format num\u00e9rique <em>\u00a0\u00bb <a href=\"https:\/\/www.amazon.fr\/Serge-Baccino\/e\/B00C0O8CL8\"><strong>kindle<\/strong><\/a> \u00ab\u00a0<\/em> qui est un format propri\u00e9taire et qui, bien \u00e9videmment, est prot\u00e9g\u00e9 contre la copie ill\u00e9gale.<\/p>\n<p>Je <em><strong>ne<\/strong><\/em> suis <strong><em>pas<\/em><\/strong> responsable d&rsquo;\u00e9ventuels probl\u00e8mes li\u00e9s \u00e0 l&rsquo;achat de ces ouvrages sur Amazon ou d&rsquo;\u00e9ventuels probl\u00e8mes relatifs au format \u00ab\u00a0<em>kindle<\/em>\u00a0\u00bb ou au fonctionnement de l&rsquo;appareil qui sert \u00e0 lire ce format particulier.<\/p>\n<p><span style=\"color: #800000;\"><strong><em>En cas de probl\u00e8me, merci de vous adresser directement au service comp\u00e9tent, sur le site d&rsquo;Amazon.<\/em><\/strong><\/span><\/p>\n<p><strong>Note :<\/strong> Je ne vends pas directement mes livres, que ce soit au format \u00ab\u00a0<em>kindle<\/em>\u00a0\u00bb ou \u00e0 un tout autre format et m&rsquo;interdit de transformer mes ouvrages en \u00a0\u00bb pdf \u00a0\u00bb pouvant \u00eatre redistribu\u00e9s par la suite. Toute demande de transformer le format kindle en un autre plus accessible (pdf, e-book, etc.) sera donc rejet\u00e9e. Merci de votre compr\u00e9hension.<\/p>\n<p>Je reste \u00e0 la disposition de tous et de chacun pour de plus amples informations, je r\u00e9ponds g\u00e9n\u00e9ralement \u00e0 tous les mails et commentaires, et ce, dans un d\u00e9lai raisonnable, c&rsquo;est \u00e0 dire <em>une journ\u00e9e<\/em> (sauf durant les p\u00e9riodes de cong\u00e9s ou de d\u00e9placement, bien \u00e9videmment.)<\/p>\n<p>&nbsp;<\/p>\n<p><span style=\"font-size: 24pt;\"><strong>p<\/strong><\/span><span style=\"text-decoration: underline;\"><span style=\"font-size: 14pt;\"><strong>olitique de confidentialit\u00e9<\/strong><\/span><\/span><\/p>\n<p><span style=\"color: #0000ff;\"><strong><em><span style=\"font-size: 24pt;\">L<\/span>es adresses mails utilis\u00e9es pour les commentaires n&rsquo;apparaissent pas lors des dits commentaires <\/em><\/strong><em>(ainsi que les pr\u00e9noms et noms r\u00e9els des utilisateurs, si leur pseudo ne les laissent pas entendre, \u00e9videmment.)<\/em><strong><em> J&rsquo;ai horreur des spams et autres pubs gonflantes qui viennent me visiter alors que je n&rsquo;ai rien demand\u00e9.<\/em><\/strong><\/span><\/p>\n<p><span style=\"color: #0000ff;\"><strong><em>Je ne fais donc pas aux autres ce que je n&rsquo;aime pas que l&rsquo;on me fasse \u00e0 moi-m\u00eame et de ce fait, sauf m\u00e9thode pirate de r\u00e9cup\u00e9ration d&rsquo;adresses mails contre lesquelles je ne peux rien, vos mails et noms r\u00e9els demeurent confidentiels. <\/em><\/strong><\/span><\/p>\n<p><span style=\"color: #0000ff;\"><strong><em>En fait, je ne les utilise m\u00eame pas moi-m\u00eame pour vous relancer ou pour me faire de la pub <\/em><em>!<\/em><em> Malgr\u00e9 le fait que mon m\u00e9tier consiste \u00e0\u00a0 donner des cours par correspondance, et que chacun a besoin de vivre, comme on dit. <\/em><\/strong><\/span><\/p>\n<p><span style=\"color: #0000ff;\"><strong><em>Donc, mieux, je ne peux pas vous dire ni m\u00eame faire !<\/em><\/strong><\/span><\/p>\n<p><span style=\"color: #ff0000;\"><span style=\"text-decoration: underline;\"><strong>Addenda au 22 ao\u00fbt 2019<\/strong><\/span> :<\/span> Et pour \u00e9viter encore plus spams et autres formes de piratage \u00e0 la noix, j&rsquo;ai d\u00e9cid\u00e9 de supprimer les fonctions d&rsquo;enregistrement de nouveau membre, celles li\u00e9es aux commentaires et aux formulaires de contact.<\/p>\n<p>&nbsp;<\/p>\n<p>&nbsp;<\/p>\n<p>&nbsp;<\/p>\n<p><span style=\"color: #993300; font-size: 14pt;\"><strong><em>Serge Baccino<\/em><\/strong><\/span><br \/>\n<a title=\" Site d\u00e9pos\u00e9 sur CopyrightFrance.com \" href=\"http:\/\/www.copyrightfrance.com\/phtml\/copyright.php\" target=\"_blank\" rel=\"noopener noreferrer\"><img decoding=\"async\" src=\"http:\/\/thebfr@theb4.fr\/vivre-livres\/wp-content\/images\/logo13.gif\" alt=\" CopyrightFrance.com \" border=\"0\" \/><\/a><\/p>\n<p>&#8212;<\/p>\n<p>&nbsp;<\/p>\n","protected":false},"excerpt":{"rendered":"<p>MENTIONS L\u00c9GALES &nbsp; (Nota : les r\u00e8gles de confidentialit\u00e9 sont mentionn\u00e9es \u00e0 la fin de cette page.) &nbsp; Le site Vivre Livres ! a \u00e9t\u00e9 cr\u00e9e et mis en ligne le :\u00a017 mars 2013 Il appartient \u00e0 Serge Baccino, qui en est l&rsquo;auteur ainsi que le directeur de publication. &nbsp; &nbsp; Adresse du responsable de &hellip; <a href=\"https:\/\/www.theb4.fr\/vivre-livres\/mentions-legales\/\" class=\"more-link\">Continuer la lecture de <span class=\"screen-reader-text\">Mentions l\u00e9gales<\/span>  <span class=\"meta-nav\">&rarr;<\/span><\/a><\/p>\n","protected":false},"author":1,"featured_media":0,"parent":0,"menu_order":7,"comment_status":"open","ping_status":"open","template":"","meta":{"footnotes":""},"class_list":["post-401","page","type-page","status-publish","hentry"],"_links":{"self":[{"href":"https:\/\/www.theb4.fr\/vivre-livres\/wp-json\/wp\/v2\/pages\/401","targetHints":{"allow":["GET"]}}],"collection":[{"href":"https:\/\/www.theb4.fr\/vivre-livres\/wp-json\/wp\/v2\/pages"}],"about":[{"href":"https:\/\/www.theb4.fr\/vivre-livres\/wp-json\/wp\/v2\/types\/page"}],"author":[{"embeddable":true,"href":"https:\/\/www.theb4.fr\/vivre-livres\/wp-json\/wp\/v2\/users\/1"}],"replies":[{"embeddable":true,"href":"https:\/\/www.theb4.fr\/vivre-livres\/wp-json\/wp\/v2\/comments?post=401"}],"version-history":[{"count":0,"href":"https:\/\/www.theb4.fr\/vivre-livres\/wp-json\/wp\/v2\/pages\/401\/revisions"}],"wp:attachment":[{"href":"https:\/\/www.theb4.fr\/vivre-livres\/wp-json\/wp\/v2\/media?parent=401"}],"curies":[{"name":"wp","href":"https:\/\/api.w.org\/{rel}","templated":true}]}}